{"id":747,"date":"2021-07-26T17:38:29","date_gmt":"2021-07-26T22:38:29","guid":{"rendered":"https:\/\/www.unicatolicadelsur.edu.co\/catsur\/?page_id=747"},"modified":"2023-11-21T16:49:44","modified_gmt":"2023-11-21T21:49:44","slug":"quienes-somos","status":"publish","type":"page","link":"https:\/\/www.unicatolicadelsur.edu.co\/catsur\/quienes-somos\/","title":{"rendered":"Quienes Somos"},"content":{"rendered":"\n<p><\/p>\n\n\n\n<div class=\"wp-block-qubely-row alignfull qubely-section qubely-block-cf4470\"><div class=\"qubely-row-overlay\"><\/div><div class=\"qubely-container\"><div class=\"qubely-row \">\n<div class=\"wp-block-qubely-column qubely-column qubely-column-front qubely-block-37786b\"><div class=\"qubely-column-inner\">\n<div class=\"wp-block-qubely-image aligncenter qubely-block-a62edb\"><div class=\"qubely-block-image  qubely-image-layout-simple\"><div class=\"qubely-image-media qubely-vertical-alignment-center qubely-horizontal-alignment-center\"><figure><div class=\"qubely-image-container\"><img decoding=\"async\" class=\"qubely-image-image\" src=\"https:\/\/www.unicatolicadelsur.edu.co\/catsur\/wp-content\/uploads\/2021\/09\/02-scaled.jpg\" alt=\"\"\/><\/div><\/figure><\/div><\/div><\/div>\n\n\n\n<p><\/p>\n<\/div><\/div>\n<\/div><\/div><\/div>\n\n\n\n<div class=\"wp-block-qubely-row alignfull qubely-section qubely-block-0d8e03\"><div class=\"qubely-row-overlay\"><\/div><div class=\"qubely-container\"><div class=\"qubely-row \">\n<div class=\"wp-block-qubely-column qubely-column qubely-column-front qubely-block-725a05\"><div class=\"qubely-column-inner\">\n<div class=\"wp-block-qubely-text qubely-block-b0d27f\"><div class=\"qubely-block-text  \"><div class=\"qubely-block-text-title-container  qubely-separator-position-top\"><div class=\"qubely-block-text-title-inner\"><h2 class=\"qubely-block-text-title\">01<\/h2><\/div><\/div><p><\/p><\/div><\/div>\n<\/div><\/div>\n\n\n\n<div class=\"wp-block-qubely-column qubely-column qubely-column-front qubely-block-dc586b\"><div class=\"qubely-column-inner\">\n<div class=\"wp-block-qubely-text qubely-block-ee087b\"><div class=\"qubely-block-text  \"><div class=\"qubely-block-text-title-container  qubely-separator-position-top\"><div class=\"qubely-block-text-title-inner\"><h2 class=\"qubely-block-text-title\">La Naturaleza de<br>la Universidad Cat\u00f3lica<\/h2><\/div><\/div><p> El criterio que permite definir la naturaleza de la universidad cat\u00f3lica es la \u00edntima conexi\u00f3n que se da entre los t\u00e9rminos \u201cuniversidad\u201d y \u201ccat\u00f3lica\u201d. Se trata de un binomio en el que la identidad universitaria y la identidad cat\u00f3lica se enriquecen y complementan.<br>&nbsp;<br>En cuanto universidad, Ex Corde Ecclesiae describe a la instituci\u00f3n universitaria como comunidad acad\u00e9mica y le atribuye los tres objetivos por los que se caracteriza: la investigaci\u00f3n, la ense\u00f1anza y los servicios que ofrece a la sociedad; a ellos van unidas las dos condiciones esenciales que garantizan el ejercicio eficaz de su tarea, la autonom\u00eda institucional y la libertad acad\u00e9mica.<br>&nbsp;<br>En cuanto cat\u00f3lica, el objetivo que se persigue es realizar una presencia p\u00fablica, estable y universal del pensamiento cristiano en todo intento de promover una cultura superior y sus estudiantes se formen como seres humanos que destaquen por su doctrina, preparados para desempe\u00f1ar las funciones m\u00e1s importantes en la sociedad y testigos de la fe en el mundo; en relaci\u00f3n con este objetivo, las normas can\u00f3nicas deber\u00e1n garantizar que la universidad cat\u00f3lica responda a la identidad que le es propia. <\/p><\/div><\/div>\n<\/div><\/div>\n<\/div><\/div><\/div>\n\n\n\n<div class=\"wp-block-qubely-row alignfull qubely-section qubely-block-166c9a\"><div class=\"qubely-row-overlay\"><\/div><div class=\"qubely-container\"><div class=\"qubely-row \">\n<div class=\"wp-block-qubely-column qubely-column qubely-column-front qubely-block-93279e\"><div class=\"qubely-column-inner\">\n<div class=\"wp-block-qubely-image aligncenter qubely-block-b097e2\"><div class=\"qubely-block-image  qubely-image-layout-simple\"><div class=\"qubely-image-media qubely-vertical-alignment-center qubely-horizontal-alignment-center\"><figure><div class=\"qubely-image-container\"><img decoding=\"async\" class=\"qubely-image-image\" src=\"https:\/\/www.unicatolicadelsur.edu.co\/catsur\/wp-content\/uploads\/2021\/09\/03-scaled.jpg\" alt=\"\"\/><\/div><\/figure><\/div><\/div><\/div>\n<\/div><\/div>\n<\/div><\/div><\/div>\n\n\n\n<div class=\"wp-block-qubely-row alignfull qubely-section qubely-block-494635\"><div class=\"qubely-row-overlay\"><\/div><div class=\"qubely-container\"><div class=\"qubely-row \">\n<div class=\"wp-block-qubely-column qubely-column qubely-column-front qubely-block-0edd1d\"><div class=\"qubely-column-inner\">\n<div class=\"wp-block-qubely-text qubely-block-07182a\"><div class=\"qubely-block-text  \"><div class=\"qubely-block-text-title-container  qubely-separator-position-top\"><div class=\"qubely-block-text-title-inner\"><h2 class=\"qubely-block-text-title\">02<\/h2><\/div><\/div><p><\/p><\/div><\/div>\n\n\n\n<blockquote class=\"wp-block-quote has-text-align-right is-layout-flow wp-block-quote-is-layout-flow\">\n<p><em><strong>\u00abLa Di\u00f3cesis de Pasto y su trabajo evangelizador desde el campo de la promoci\u00f3n humana, la salud y la educaci\u00f3n\u00bb.&nbsp;<\/strong><\/em><\/p>\n<\/blockquote>\n<\/div><\/div>\n\n\n\n<div class=\"wp-block-qubely-column qubely-column qubely-column-front qubely-block-c9fca1\"><div class=\"qubely-column-inner\">\n<div class=\"wp-block-qubely-text qubely-block-71c94b\"><div class=\"qubely-block-text  \"><div class=\"qubely-block-text-title-container  qubely-separator-position-top\"><div class=\"qubely-block-text-title-inner\"><h2 class=\"qubely-block-text-title\">Di\u00f3cesis de Pasto:<br>Fundadora de la UniCat\u00f3lica del Sur<\/h2><\/div><\/div><p>El Papa P\u00edo IX, mediante Bula \u201cIn Excelsa Militantis Ecclesiae\u201d (\u201cColocados por la Divina Misericordia en la sublime cumbre de la Iglesia\u201d) y ejecutada el 10 de abril de 1859, cre\u00f3 la Di\u00f3cesis de Pasto, desmembr\u00e1ndola de la Di\u00f3cesis de Popay\u00e1n; nombr\u00f3 como Obispo a Monse\u00f1or Jos\u00e9 El\u00edas Puyana. Inicialmente la Di\u00f3cesis de Pasto contaba con una extensi\u00f3n de 800.000 km2, correspondi\u00e9ndole toda la parte sur de Colombia, cubriendo los departamentos de Amazonas, Putumayo, Caquet\u00e1, sur del Cauca y todo el departamento de Nari\u00f1o.<br><br>A trav\u00e9s de su historia, la Di\u00f3cesis de Pasto ha impulsado desde su trabajo evangelizador el bienestar y la dignidad de la persona humana, sobre todo desde la proyecci\u00f3n social en el campo de la promoci\u00f3n humana, la salud y la educaci\u00f3n. <br><br>En la salud se destacan sus obras respaldando, guiando y siendo garante de la labor de las fundaciones diocesanas Hospital San Pedro (1875), Hospital Infantil Los \u00c1ngeles (1952) y Amparo de Ancianos San Jos\u00e9 (1949), fundaciones en cuyos testamentos y estatutos est\u00e1n expresadas las voluntades de sus fundadores que buscaron el patronato de la Di\u00f3cesis de Pasto con su obispo a la cabeza para velar por el cumplimento de sus tareas primordiales al servicio de la regi\u00f3n y su poblaci\u00f3n m\u00e1s necesitada.<br><br>En el \u00e1rea de la educaci\u00f3n, su proyecci\u00f3n se realiza a trav\u00e9s de la creaci\u00f3n del Seminario Mayor (1862), el IDEC (instituto Diocesano de Evangelizaci\u00f3n y Catequesis), las instituciones educativas San Juan Bosco (1935) en la ciudad de Pasto y Jes\u00fas Nazareno (1947) en El Tambo y el Instituto Teol\u00f3gico San Pablo que dio paso a la posterior creaci\u00f3n de la Fundaci\u00f3n Universitaria Cat\u00f3lica del Sur (2015), la instituci\u00f3n m\u00e1s joven de la Di\u00f3cesis, mostrando el compromiso de la Iglesia Diocesana con la formaci\u00f3n integral de las nuevas generaciones para el servicio de la sociedad y la Iglesia y el progreso de la regi\u00f3n.<br><\/p><\/div><\/div>\n<\/div><\/div>\n<\/div><\/div><\/div>\n\n\n\n<div class=\"wp-block-qubely-row alignfull qubely-section qubely-block-e5c9ba\"><div class=\"qubely-row-overlay\"><\/div><div class=\"qubely-container\"><div class=\"qubely-row \">\n<div class=\"wp-block-qubely-column qubely-column qubely-column-front qubely-block-0a7073\"><div class=\"qubely-column-inner\">\n<div class=\"wp-block-qubely-image aligncenter qubely-block-b9567d\"><div class=\"qubely-block-image  qubely-image-layout-simple\"><div class=\"qubely-image-media qubely-vertical-alignment-center qubely-horizontal-alignment-center\"><figure><div class=\"qubely-image-container\"><img decoding=\"async\" class=\"qubely-image-image\" src=\"https:\/\/www.unicatolicadelsur.edu.co\/catsur\/wp-content\/uploads\/2021\/09\/05-scaled.jpg\" alt=\"\"\/><\/div><\/figure><\/div><\/div><\/div>\n<\/div><\/div>\n<\/div><\/div><\/div>\n\n\n\n<div class=\"wp-block-qubely-row alignfull qubely-section qubely-block-f832ee\"><div class=\"qubely-row-overlay\"><\/div><div class=\"qubely-container\"><div class=\"qubely-row \">\n<div class=\"wp-block-qubely-column qubely-column qubely-column-front qubely-block-4b57d7\"><div class=\"qubely-column-inner\">\n<div class=\"wp-block-qubely-text qubely-block-eb9e0b\"><div class=\"qubely-block-text  \"><div class=\"qubely-block-text-title-container  qubely-separator-position-top\"><div class=\"qubely-block-text-title-inner\"><h2 class=\"qubely-block-text-title\">03<\/h2><\/div><\/div><p><\/p><\/div><\/div>\n<\/div><\/div>\n\n\n\n<div class=\"wp-block-qubely-column qubely-column qubely-column-front qubely-block-7538e1\"><div class=\"qubely-column-inner\">\n<div class=\"wp-block-qubely-text qubely-block-010121\"><div class=\"qubely-block-text  \"><div class=\"qubely-block-text-title-container  qubely-separator-position-top\"><div class=\"qubely-block-text-title-inner\"><h2 class=\"qubely-block-text-title\">Monse\u00f1or Juan Carlos C\u00e1rdenas Toro<br>Obispo Di\u00f3cesis de Pasto<br><\/h2><\/div><\/div><p>Naci\u00f3 el 31 de mayo de 1968 en Cartago (Valle). Es hijo de Jes\u00fas Gonzalo C\u00e1rdenas y Edilma Toro ya fallecidos. Ana Margarita C\u00e1rdenas Toro es su \u00fanica hermana. Despu\u00e9s de frecuentar la escuela primaria en el Instituto San Juan Bosco, continu\u00f3 sus estudios en el Instituto T\u00e9cnico Indalecio Penilla, en su ciudad natal. Los estudios de filosof\u00eda los realiz\u00f3 en el Seminario Nacional Cristo Sacerdote (Di\u00f3cesis de Sons\u00f3n \u2013 R\u00edonegro). La teolog\u00eda la curs\u00f3 en el Seminario Mayor de su propia di\u00f3cesis.<br>&nbsp;<br>Fue ordenado sacerdote el 6 de septiembre de 1997, incardin\u00e1ndose a la Di\u00f3cesis de Cartago. En los a\u00f1os 2001-2003 frecuent\u00f3 la Pontificia Universidad Gregoriana, donde obtuvo la licencia en filosof\u00eda. En el 2013 obtuvo la licenciatura en teolog\u00eda fundamental en la Universidad de San Buenaventura en Bogot\u00e1.<br><br>El 1 de octubre de 2020, el Papa Francisco lo nombr\u00f3 obispo de la Di\u00f3cesis de Pasto. El 21 de noviembre toma posesi\u00f3n de la Di\u00f3cesis en ceremonia solemne en la Catedral Sagrado Coraz\u00f3n de Jes\u00fas de la ciudad de Pasto.<br><\/p><\/div><\/div>\n<\/div><\/div>\n<\/div><\/div><\/div>\n\n\n\n<div class=\"wp-block-qubely-row aligncenter qubely-section qubely-block-856861\"><div class=\"qubely-row-overlay\"><\/div><div class=\"qubely-container-fluid\"><div class=\"qubely-row \">\n<div class=\"wp-block-qubely-column qubely-column qubely-column-front qubely-block-b24f51\"><div class=\"qubely-column-inner\">\n<div class=\"wp-block-qubely-image aligncenter qubely-block-33b541\"><div class=\"qubely-block-image  qubely-image-layout-simple\"><div class=\"qubely-image-media qubely-vertical-alignment-center qubely-horizontal-alignment-center\"><figure><div class=\"qubely-image-container\"><img decoding=\"async\" class=\"qubely-image-image\" src=\"https:\/\/www.unicatolicadelsur.edu.co\/catsur\/wp-content\/uploads\/2021\/09\/04-1-1-scaled.jpg\" alt=\"\"\/><\/div><\/figure><\/div><\/div><\/div>\n<\/div><\/div>\n<\/div><\/div><\/div>\n\n\n\n<div class=\"wp-block-qubely-row qubely-section qubely-block-919d06\"><div class=\"qubely-row-overlay\"><\/div><div class=\"qubely-container\"><div class=\"qubely-row \">\n<div class=\"wp-block-qubely-column qubely-column qubely-column-front qubely-block-ed21b3\"><div class=\"qubely-column-inner\">\n<div class=\"wp-block-qubely-text qubely-block-59b34e\"><div class=\"qubely-block-text  \"><div class=\"qubely-block-text-title-container  qubely-separator-position-top\"><div class=\"qubely-block-text-title-inner\"><h2 class=\"qubely-block-text-title\">04<\/h2><\/div><\/div><p><\/p><\/div><\/div>\n\n\n\n<div class=\"wp-block-qubely-image qubely-block-024084\"><div class=\"qubely-block-image  qubely-image-layout-simple\"><div class=\"qubely-image-media qubely-vertical-alignment-center qubely-horizontal-alignment-center\"><figure><div class=\"qubely-image-container\"><img decoding=\"async\" class=\"qubely-image-image\" src=\"https:\/\/www.unicatolicadelsur.edu.co\/catsur\/wp-content\/uploads\/2021\/09\/julio-enrique.png\" alt=\"\"\/><\/div><\/figure><\/div><\/div><\/div>\n<\/div><\/div>\n\n\n\n<div class=\"wp-block-qubely-column qubely-column qubely-column-front qubely-block-2b40ce\"><div class=\"qubely-column-inner\">\n<div class=\"wp-block-qubely-text qubely-block-d0d9a3\"><div class=\"qubely-block-text  \"><div class=\"qubely-block-text-title-container  qubely-separator-position-top\"><div class=\"qubely-block-text-title-inner\"><h2 class=\"qubely-block-text-title\"><strong>Monse\u00f1or Julio Enrique Prado Bola\u00f1os<\/strong><br><strong>Gestor de la UniCat\u00f3lica del Sur<\/strong><\/h2><\/div><\/div><p>Como promotor de la dignidad de la persona y el progreso de los fieles, Monse\u00f1or Enrique en su b\u00fasqueda por mejorar la situaci\u00f3n social, cultural y educativa del sur de Colombia, ha liderado el proyecto educativo hacia el mundo universitario con la creaci\u00f3n de la Fundaci\u00f3n Universitaria Cat\u00f3lica del Sur, buscando afianzar los valores culturales, educativos, sociales y religiosos, para promover la educaci\u00f3n integral del ser humano.<br><br>En todo este tiempo, la Di\u00f3cesis de Pasto destaca la entrega, cercan\u00eda y el dinamismo de Monse\u00f1or Enrique, para ense\u00f1ar con paciencia, santificar con el testimonio y pastorear con fidelidad a esta porci\u00f3n del Pueblo Santo que el mismo Dios le ha confiado. Su ministerio episcopal culmina el 21 de noviembre de 2021. Actualmente es obispo em\u00e9rito de la Di\u00f3cesis de Pasto.<\/p><\/div><\/div>\n<\/div><\/div>\n<\/div><\/div><\/div>\n\n\n\n<p><\/p>\n\n\n\n<div class=\"wp-block-qubely-row alignfull qubely-section qubely-block-736d3d\"><div class=\"qubely-row-overlay\"><\/div><div class=\"qubely-container\"><div class=\"qubely-row \">\n<div class=\"wp-block-qubely-column qubely-column qubely-column-front qubely-block-c301a9\"><div class=\"qubely-column-inner\">\n<div class=\"wp-block-qubely-text qubely-block-57c2a4\"><div class=\"qubely-block-text  \"><div class=\"qubely-block-text-title-container  qubely-separator-position-top\"><div class=\"qubely-block-text-title-inner\"><h2 class=\"qubely-block-text-title\"><br><\/h2><\/div><\/div><p><strong>05<\/strong><\/p><\/div><\/div>\n\n\n\n<div class=\"wp-block-qubely-text qubely-block-2b5cab\"><div class=\"qubely-block-text  \"><div class=\"qubely-block-text-title-container  qubely-separator-position-top\"><div class=\"qubely-block-text-title-inner\"><h2 class=\"qubely-block-text-title\">Video<br>Institucional<\/h2><\/div><\/div><p><\/p><\/div><\/div>\n\n\n\n<p><\/p>\n<\/div><\/div>\n\n\n\n<div class=\"wp-block-qubely-column qubely-column qubely-column-front qubely-block-623b79\"><div class=\"qubely-column-inner\">\n<div class=\"wp-block-qubely-videopopup qubely-block-01c1dc\"><div class=\"qubely-block-videopopup-wrapper  qubely-alignment-center\"><div class=\"qubely-block-videopopup-overlay\"><\/div><div class=\"qubely-block-videopopup qubely-size-medium\"><a class=\"qubely-video-popup\" href=\"https:\/\/www.youtube.com\/watch?v=rvZoDF60-OA\"><i class=\"qubely-btn-icon fas fa-play\"><span class=\"qubely-ripple\"><\/span><\/i><\/a><\/div><\/div><\/div>\n<\/div><\/div>\n<\/div><\/div><\/div>\n","protected":false},"excerpt":{"rendered":"","protected":false},"author":1,"featured_media":0,"parent":0,"menu_order":0,"comment_status":"closed","ping_status":"closed","template":"","meta":{"qubely_global_settings":"","qubely_interactions":"","_uag_custom_page_level_css":"","_vp_format_video_url":"","_vp_image_focal_point":[],"footnotes":""},"class_list":["post-747","page","type-page","status-publish","hentry"],"uagb_featured_image_src":{"full":false,"thumbnail":false,"medium":false,"medium_large":false,"large":false,"1536x1536":false,"2048x2048":false,"qubely_landscape":false,"qubely_portrait":false,"qubely_thumbnail":false,"vp_sm":false,"vp_md":false,"vp_lg":false,"vp_xl":false,"vp_sm_popup":false,"vp_md_popup":false,"vp_xl_popup":false,"enlighten-slider-image":false,"enlighten-portfolio-image":false,"enlighten-service-image":false,"enlighten-service-image-2":false,"enlighten-testimonial-image":false,"enlighten-client-section":false,"enlighten-recent-news":false,"enlighten-recent-news-disable-twitter":false,"enlighten-footer-recent-news":false,"enlighten-single-page":false,"enlighten-coourse-image":false,"enlighten-event-image":false,"enlighten-blog-image":false,"enlighten-team-home":false,"enlighten-portfolio-grid":false,"enlighten-blog-list-post":false,"enlighten-event-schedule":false},"uagb_author_info":{"display_name":"unicat","author_link":"https:\/\/www.unicatolicadelsur.edu.co\/catsur\/author\/unicat\/"},"uagb_comment_info":0,"uagb_excerpt":null,"_links":{"self":[{"href":"https:\/\/www.unicatolicadelsur.edu.co\/catsur\/wp-json\/wp\/v2\/pages\/747","targetHints":{"allow":["GET"]}}],"collection":[{"href":"https:\/\/www.unicatolicadelsur.edu.co\/catsur\/wp-json\/wp\/v2\/pages"}],"about":[{"href":"https:\/\/www.unicatolicadelsur.edu.co\/catsur\/wp-json\/wp\/v2\/types\/page"}],"author":[{"embeddable":true,"href":"https:\/\/www.unicatolicadelsur.edu.co\/catsur\/wp-json\/wp\/v2\/users\/1"}],"replies":[{"embeddable":true,"href":"https:\/\/www.unicatolicadelsur.edu.co\/catsur\/wp-json\/wp\/v2\/comments?post=747"}],"version-history":[{"count":0,"href":"https:\/\/www.unicatolicadelsur.edu.co\/catsur\/wp-json\/wp\/v2\/pages\/747\/revisions"}],"wp:attachment":[{"href":"https:\/\/www.unicatolicadelsur.edu.co\/catsur\/wp-json\/wp\/v2\/media?parent=747"}],"curies":[{"name":"wp","href":"https:\/\/api.w.org\/{rel}","templated":true}]}}