{"id":61,"date":"2021-03-26T08:31:18","date_gmt":"2021-03-26T13:31:18","guid":{"rendered":"http:\/\/localhost\/wordpress\/?page_id=61"},"modified":"2023-02-28T17:28:45","modified_gmt":"2023-02-28T22:28:45","slug":"plataforma-estrategica","status":"publish","type":"page","link":"https:\/\/www.unicatolicadelsur.edu.co\/catsur\/plataforma-estrategica\/","title":{"rendered":"Plataforma Estrat\u00e9gica"},"content":{"rendered":"\n<div class=\"wp-block-qubely-text aligncenter qubely-block-f6538a\"><div class=\"qubely-block-text  \"><p><strong>La Unicat\u00f3lica del Sur, consciente de su compromiso con la formaci\u00f3n de la persona humana, considera al PEI como la carta de navegaci\u00f3n que ilumina, junto con el Plan de Desarrollo Institucional, la vida de la Universidad, orienta desde sus principios, su misi\u00f3n educativa y evangelizadora, aportando al cambio social con sentido incluyente y ecol\u00f3gico, con criterios de calidad en el contexto regional, nacional e internacional, y hace p\u00fablico el compromiso que tiene con la persona, la comunidad, la sociedad y el Estado a trav\u00e9s de la educaci\u00f3n.<\/strong><\/p><\/div><\/div>\n\n\n\n<div class=\"wp-block-qubely-row qubely-section qubely-block-d719ba\"><div class=\"qubely-row-overlay\"><\/div><div class=\"qubely-container\"><div class=\"qubely-row \">\n<div class=\"wp-block-qubely-column qubely-column qubely-column-front qubely-block-c30f88\"><div class=\"qubely-column-inner\">\n<div class=\"wp-block-qubely-image qubely-block-34acff\"><div class=\"qubely-block-image  qubely-image-layout-simple\"><div class=\"qubely-image-media qubely-vertical-alignment-center qubely-horizontal-alignment-center\"><figure><div class=\"qubely-image-container\"><img decoding=\"async\" class=\"qubely-image-image\" src=\"https:\/\/www.unicatolicadelsur.edu.co\/catsur\/wp-content\/uploads\/2021\/08\/mision.jpg\" alt=\"\"\/><\/div><\/figure><\/div><\/div><\/div>\n<\/div><\/div>\n\n\n\n<div class=\"wp-block-qubely-column qubely-column qubely-column-front qubely-block-2d16b3\"><div class=\"qubely-column-inner\">\n<div class=\"vce-row-container\" data-vce-boxed-width=\"true\">\n<div id=\"el-1d4decea\" class=\"vce-row vce-row--col-gap-30 vce-row-equal-height vce-row-content--top\" data-vce-do-apply=\"all el-1d4decea\">\n<div class=\"vce-row-content\" data-vce-element-content=\"true\">\n<div id=\"el-0c0697ac\" class=\"vce-col vce-col--md-auto vce-col--xs-1 vce-col--xs-last vce-col--xs-first vce-col--sm-last vce-col--sm-first vce-col--md-last vce-col--lg-last vce-col--xl-last vce-col--md-first vce-col--lg-first vce-col--xl-first\">\n<div class=\"vce-col-inner\" data-vce-do-apply=\"border margin background  el-0c0697ac\">\n<div class=\"vce-col-content\" data-vce-element-content=\"true\" data-vce-do-apply=\"padding el-0c0697ac\">\n<section class=\"vce-feature-section-container vce-feature-section-media--xs\">\n<div id=\"el-468d94fd\" class=\"vce vce-feature-section vce-feature-section--min-height vce-feature-section-background-color--b-22-104-56\" data-vce-do-apply=\"margin background border  el-468d94fd\">\n<div class=\"vce-feature-section-image vce-feature-section-image--alignment-right vce-feature-section-image--background-position-center-center\" style=\"background-image: url('|!|vcvUploadUrl|!|\/2021\/08\/mision.jpg');\">\u00a0<\/div>\n<div class=\"vce-feature-section-content\">\n<div class=\"vce-feature-section-content-container\" data-vce-do-apply=\"padding el-468d94fd\">\n<div class=\"vce-feature-section-description\">\n<h1 style=\"line-height: 0.5;\"><strong><span style=\"font-family: 'Barlow Condensed'; font-size: 56pt; color: #dda521;\">01<\/span><span style=\"font-family: Basic; font-size: 36pt;\"> Misi\u00f3n<\/span><\/strong><\/h1>\n<p style=\"line-height: 0.5;\">\u00a0<\/p>\n<p><span style=\"font-family: Montserrat;\">La Fundaci\u00f3n Universitaria Cat\u00f3lica del Sur &#8211; Unicat\u00f3lica del Sur es una Instituci\u00f3n de Educaci\u00f3n Superior fundada por la Di\u00f3cesis de Pasto orientada a la formaci\u00f3n de la persona humana con los valores del Evangelio y con los principios del Desarrollo Humano Integral Sostenible. Promueve la b\u00fasqueda de la Verdad mediante la construcci\u00f3n del saber, la interacci\u00f3n social, la innovaci\u00f3n y la investigaci\u00f3n, para responder los desaf\u00edos de la sociedad contempor\u00e1nea.<\/span><\/p>\n<\/div>\n<\/div>\n<\/div>\n<\/div>\n<\/section>\n<\/div>\n<\/div>\n<\/div>\n<\/div>\n<\/div>\n<\/div>\n<p><!--vcv no format--><\/p>\n<\/div><\/div>\n<\/div><\/div><\/div>\n\n\n\n<div class=\"wp-block-qubely-row qubely-section qubely-block-96bee7\"><div class=\"qubely-row-overlay\"><\/div><div class=\"qubely-container\"><div class=\"qubely-row \">\n<div class=\"wp-block-qubely-column qubely-column qubely-column-front qubely-block-6fc4a9\"><div class=\"qubely-column-inner\">\n<div class=\"vce-row-container\" data-vce-boxed-width=\"true\">\n<div id=\"el-1d4decea\" class=\"vce-row vce-row--col-gap-30 vce-row-equal-height vce-row-content--top\" data-vce-do-apply=\"all el-1d4decea\">\n<div class=\"vce-row-content\" data-vce-element-content=\"true\">\n<div id=\"el-0c0697ac\" class=\"vce-col vce-col--md-auto vce-col--xs-1 vce-col--xs-last vce-col--xs-first vce-col--sm-last vce-col--sm-first vce-col--md-last vce-col--lg-last vce-col--xl-last vce-col--md-first vce-col--lg-first vce-col--xl-first\">\n<div class=\"vce-col-inner\" data-vce-do-apply=\"border margin background  el-0c0697ac\">\n<div class=\"vce-col-content\" data-vce-element-content=\"true\" data-vce-do-apply=\"padding el-0c0697ac\">\n<section class=\"vce-feature-section-container vce-feature-section-media--xs\">\n<div id=\"el-468d94fd\" class=\"vce vce-feature-section vce-feature-section--min-height vce-feature-section-background-color--b-22-104-56\" data-vce-do-apply=\"margin background border  el-468d94fd\">\n<div class=\"vce-feature-section-image vce-feature-section-image--alignment-right vce-feature-section-image--background-position-center-center\" style=\"background-image: url('|!|vcvUploadUrl|!|\/2021\/08\/mision.jpg');\"><strong style=\"color: revert; font-size: revert;\"><span style=\"font-family: 'Barlow Condensed'; font-size: 56pt; color: #166838;\">02<\/span><span style=\"font-family: Basic; font-size: 36pt;\">\u00a0Visi\u00f3n<\/span><\/strong><\/div>\n<\/div>\n<\/section>\n<section class=\"vce-feature-section-container vce-feature-section-media--xs\">\n<div id=\"el-cc8e85e6\" class=\"vce vce-feature-section vce-feature-section--min-height vce-feature-section-background-color--b-221-165-33\" data-vce-do-apply=\"margin background border  el-cc8e85e6\">\n<div class=\"vce-feature-section-content\">\n<div class=\"vce-feature-section-content-container\" data-vce-do-apply=\"padding el-cc8e85e6\">\n<div class=\"vce-feature-section-description\">\n<p style=\"line-height: 0.5;\">\u00a0<\/p>\n<p><span style=\"font-family: Montserrat; font-size: 12pt; color: #000000;\">En el 2030, la Fundaci\u00f3n Universitaria Cat\u00f3lica del Sur &#8211; Unicat\u00f3lica del Sur ser\u00e1 reconocida por la alta calidad en la prestaci\u00f3n del servicio educativo, contribuyendo al Desarrollo Humano integral Sostenible en procura de promover la reconstrucci\u00f3n del tejido social, la convivencia, la justicia social y la paz.<\/span><\/p>\n<\/div>\n<\/div>\n<\/div>\n<\/div>\n<\/section>\n<\/div>\n<\/div>\n<\/div>\n<\/div>\n<\/div>\n<\/div>\n<div class=\"vce-row-container\" data-vce-boxed-width=\"true\">\n<div id=\"el-9fe49274\" class=\"vce-row vce-row--col-gap-30 vce-row-equal-height vce-row-content--top\" data-vce-do-apply=\"all el-9fe49274\">\n<div class=\"vce-row-content\" data-vce-element-content=\"true\">\n<div id=\"el-92be5836\" class=\"vce-col vce-col--md-auto vce-col--xs-1 vce-col--xs-last vce-col--xs-first vce-col--sm-last vce-col--sm-first vce-col--md-first vce-col--lg-first vce-col--xl-first\">\n<div class=\"vce-col-inner\" data-vce-do-apply=\"border margin background  el-92be5836\">\n<div class=\"vce-col-content\" data-vce-element-content=\"true\" data-vce-do-apply=\"padding el-92be5836\">\u00a0<\/div>\n<\/div>\n<\/div>\n<div id=\"el-1aadbdd6\" class=\"vce-col vce-col--md-auto vce-col--xs-1 vce-col--xs-last vce-col--xs-first vce-col--sm-last vce-col--sm-first vce-col--md-last vce-col--lg-last vce-col--xl-last\">\n<div class=\"vce-col-inner\" data-vce-do-apply=\"border margin background  el-1aadbdd6\">\n<div class=\"vce-col-content\" data-vce-element-content=\"true\" data-vce-do-apply=\"padding el-1aadbdd6\">\u00a0<\/div>\n<\/div>\n<\/div>\n<\/div>\n<\/div>\n<\/div>\n<p><!--vcv no format--><\/p>\n<\/div><\/div>\n\n\n\n<div class=\"wp-block-qubely-column qubely-column qubely-column-front qubely-block-52c282\"><div class=\"qubely-column-inner\">\n<div class=\"wp-block-qubely-image qubely-block-d2e6ce\"><div class=\"qubely-block-image  qubely-image-layout-simple\"><div class=\"qubely-image-media qubely-vertical-alignment-center qubely-horizontal-alignment-center\"><figure><div class=\"qubely-image-container\"><img decoding=\"async\" class=\"qubely-image-image\" src=\"https:\/\/www.unicatolicadelsur.edu.co\/catsur\/wp-content\/uploads\/2021\/08\/vison.jpg\" alt=\"\"\/><\/div><\/figure><\/div><\/div><\/div>\n<\/div><\/div>\n<\/div><\/div><\/div>\n\n\n\n<div class=\"wp-block-qubely-row alignfull qubely-section qubely-block-b546fe\"><div class=\"qubely-row-overlay\"><\/div><div class=\"qubely-container\"><div class=\"qubely-row \">\n<div class=\"wp-block-qubely-column qubely-column qubely-column-front qubely-block-2a422a\"><div class=\"qubely-column-inner\">\n<div class=\"wp-block-qubely-text qubely-block-37bbba\"><div class=\"qubely-block-text  \"><div class=\"qubely-block-text-title-container  qubely-separator-position-top\"><div class=\"qubely-block-text-title-inner\"><h2 class=\"qubely-block-text-title\">03<\/h2><\/div><\/div><p><\/p><\/div><\/div>\n<\/div><\/div>\n\n\n\n<div class=\"wp-block-qubely-column qubely-column qubely-column-front qubely-block-07eeca\"><div class=\"qubely-column-inner\">\n<div class=\"wp-block-qubely-text qubely-block-f8ec81\"><div class=\"qubely-block-text  \"><div class=\"qubely-block-text-title-container  qubely-separator-position-bottom\"><div class=\"qubely-block-text-title-inner\"><h2 class=\"qubely-block-text-title\">Objetivos<\/h2><\/div><\/div><p><\/p><\/div><\/div>\n\n\n\n<div class=\"wp-block-qubely-advancedlist qubely-block-70249a\"><div class=\"qubely-block-advanced-list  qubely-alignment-left\"><ul class=\"qubely-list qubely-list-type-unordered qubely-list-bullet-check-circle\"><li>Formar a la persona humana en los niveles cognitivo, socioafectivo, psicomotor y espiritual para el desarrollo individual y colectivo.<\/li><li>Articular el saber conocer, saber hacer, saber ser y saber convivir a trav\u00e9s del modelo pedag\u00f3gico para contribuir con la construcci\u00f3n del conocimiento.<\/li><li>Propender por el desarrollo integral de la comunidad acad\u00e9mica articulando la fundamentaci\u00f3n acad\u00e9mica, formaci\u00f3n \u00e9tica y en valores, el compromiso comunitario y sus procesos de evangelizaci\u00f3n.<\/li><li>Aportar a la construcci\u00f3n del tejido social, a trav\u00e9s de la interacci\u00f3n con la comunidad para la b\u00fasqueda de la justicia y la paz.<\/li><li>Propiciar la innovaci\u00f3n articulada a las funciones sustantivas de la Universidad para responder a las necesidades y desaf\u00edos del contexto.<\/li><li>Fomentar en la comunidad acad\u00e9mica la investigaci\u00f3n formal y formativa que se evidencien en los avances de la ciencia, la tecnolog\u00eda, las artes, las humanidades.<\/li><li>Asegurar la sostenibilidad de los f\u00edsicos, tecnol\u00f3gicos, financieros y de talento humano articulados a los procesos de mejoramiento y al Plan de Desarrollo Institucional.<\/li><li>Promover el cuidado de la \u201ccasa com\u00fan\u201d, a trav\u00e9s de la cultura medio ambiental y la promoci\u00f3n de una ecolog\u00eda integral.<\/li><li>Asegurar una cultura de calidad a trav\u00e9s de procesos sistem\u00e1ticos y participativos de autoevaluaci\u00f3n, autorregulaci\u00f3n y mejoramiento continuo para toma de decisiones.<\/li><li>Fomentar el desarrollo humano y espiritual de la comunidad acad\u00e9mica desde la vivencia de una identidad incluyente, equitativa y la ejecuci\u00f3n de un proceso estrat\u00e9gico y transversal de Pastoral y Bienestar.<\/li><\/ul><\/div><\/div>\n<\/div><\/div>\n<\/div><\/div><\/div>\n\n\n\n<div class=\"wp-block-qubely-row qubely-section qubely-block-1cc414\"><div class=\"qubely-row-overlay\"><\/div><div class=\"qubely-container\"><div class=\"qubely-row \">\n<div class=\"wp-block-qubely-column qubely-column qubely-column-front qubely-block-1e3f0c\"><div class=\"qubely-column-inner\">\n<div class=\"wp-block-qubely-text qubely-block-e1e199\"><div class=\"qubely-block-text  \"><div class=\"qubely-block-text-title-container  qubely-separator-position-top\"><div class=\"qubely-block-text-title-inner\"><h2 class=\"qubely-block-text-title\">04<\/h2><\/div><\/div><p><\/p><\/div><\/div>\n\n\n\n<p><\/p>\n<\/div><\/div>\n\n\n\n<div class=\"wp-block-qubely-column qubely-column qubely-column-front qubely-block-d86e04\"><div class=\"qubely-column-inner\">\n<div class=\"wp-block-qubely-text qubely-block-96593f\"><div class=\"qubely-block-text  \"><div class=\"qubely-block-text-title-container  qubely-separator-position-top\"><div class=\"qubely-block-text-title-inner\"><h2 class=\"qubely-block-text-title\">Principios y Valores<\/h2><\/div><\/div><p><\/p><\/div><\/div>\n\n\n\n<div class=\"wp-block-qubely-image qubely-block-c23844\"><div class=\"qubely-block-image  qubely-image-layout-simple\"><div class=\"qubely-image-media qubely-vertical-alignment-center qubely-horizontal-alignment-center\"><figure><div class=\"qubely-image-container\"><img decoding=\"async\" class=\"qubely-image-image\" src=\"https:\/\/www.unicatolicadelsur.edu.co\/catsur\/wp-content\/uploads\/2021\/09\/desarrollo-sostenible.png\" alt=\"\"\/><\/div><\/figure><\/div><\/div><\/div>\n<\/div><\/div>\n<\/div><\/div><\/div>\n","protected":false},"excerpt":{"rendered":"","protected":false},"author":1,"featured_media":0,"parent":0,"menu_order":0,"comment_status":"closed","ping_status":"closed","template":"","meta":{"qubely_global_settings":"","qubely_interactions":"","_uag_custom_page_level_css":"","_vp_format_video_url":"","_vp_image_focal_point":[],"footnotes":""},"class_list":["post-61","page","type-page","status-publish","hentry"],"uagb_featured_image_src":{"full":false,"thumbnail":false,"medium":false,"medium_large":false,"large":false,"1536x1536":false,"2048x2048":false,"qubely_landscape":false,"qubely_portrait":false,"qubely_thumbnail":false,"vp_sm":false,"vp_md":false,"vp_lg":false,"vp_xl":false,"vp_sm_popup":false,"vp_md_popup":false,"vp_xl_popup":false,"enlighten-slider-image":false,"enlighten-portfolio-image":false,"enlighten-service-image":false,"enlighten-service-image-2":false,"enlighten-testimonial-image":false,"enlighten-client-section":false,"enlighten-recent-news":false,"enlighten-recent-news-disable-twitter":false,"enlighten-footer-recent-news":false,"enlighten-single-page":false,"enlighten-coourse-image":false,"enlighten-event-image":false,"enlighten-blog-image":false,"enlighten-team-home":false,"enlighten-portfolio-grid":false,"enlighten-blog-list-post":false,"enlighten-event-schedule":false},"uagb_author_info":{"display_name":"unicat","author_link":"https:\/\/www.unicatolicadelsur.edu.co\/catsur\/author\/unicat\/"},"uagb_comment_info":0,"uagb_excerpt":null,"_links":{"self":[{"href":"https:\/\/www.unicatolicadelsur.edu.co\/catsur\/wp-json\/wp\/v2\/pages\/61","targetHints":{"allow":["GET"]}}],"collection":[{"href":"https:\/\/www.unicatolicadelsur.edu.co\/catsur\/wp-json\/wp\/v2\/pages"}],"about":[{"href":"https:\/\/www.unicatolicadelsur.edu.co\/catsur\/wp-json\/wp\/v2\/types\/page"}],"author":[{"embeddable":true,"href":"https:\/\/www.unicatolicadelsur.edu.co\/catsur\/wp-json\/wp\/v2\/users\/1"}],"replies":[{"embeddable":true,"href":"https:\/\/www.unicatolicadelsur.edu.co\/catsur\/wp-json\/wp\/v2\/comments?post=61"}],"version-history":[{"count":0,"href":"https:\/\/www.unicatolicadelsur.edu.co\/catsur\/wp-json\/wp\/v2\/pages\/61\/revisions"}],"wp:attachment":[{"href":"https:\/\/www.unicatolicadelsur.edu.co\/catsur\/wp-json\/wp\/v2\/media?parent=61"}],"curies":[{"name":"wp","href":"https:\/\/api.w.org\/{rel}","templated":true}]}}